{"id":9493,"date":"2024-08-19T21:58:23","date_gmt":"2024-08-19T21:58:23","guid":{"rendered":"https:\/\/www.academiahistoriamilitar.cl\/academia\/?post_type=product&#038;p=9493"},"modified":"2025-07-24T14:03:28","modified_gmt":"2025-07-24T14:03:28","slug":"1978-el-ejercito-en-las-trincheras","status":"publish","type":"product","link":"https:\/\/www.academiahistoriamilitar.cl\/academia\/producto\/1978-el-ejercito-en-las-trincheras\/","title":{"rendered":"1978: El Ej\u00e9rcito en las Trincheras"},"content":{"rendered":"<p><strong>Editor:<\/strong> Academia de Historia Militar.<br \/>\n<strong>Formato:<\/strong> Cuadernillo, Tapa blanda<br \/>\n<strong>87 p\u00e1ginas<\/strong><\/p>\n<p>Con motivo de cumplirse en 2018 cuarenta a\u00f1os de la tensi\u00f3n lim\u00edtrofe con Argentina por el Canal Beagle, la Academia de Historia Militar public\u00f3 una obra de s\u00edntesis \u2014dirigida al p\u00fablico general\u2014 que relate los hechos tanto pol\u00edticos, como diplom\u00e1ticos y \u2014muy especialmente\u2014 militares, que acontecieron durante los a\u00f1os 1977 y 1978.<\/p>\n<p>En sus p\u00e1ginas se descubre el despliegue estrat\u00e9gico que realiz\u00f3 el Ej\u00e9rcito a lo largo de toda la frontera con Argentina y que llev\u00f3 a que m\u00e1s de 125.000 chilenos \u2014civiles movilizados y militares\u2014 ocuparan sus puestos de combate en defensa de la soberan\u00eda nacional.<\/p>\n","protected":false},"excerpt":{"rendered":"<p>Editor: Academia de Historia Militar. Formato: Cuadernillo, Tapa blanda 87 p\u00e1ginas Con motivo<span class=\"excerpt-hellip\"> [\u2026]<\/span><\/p>\n","protected":false},"featured_media":9494,"template":"","meta":[],"product_brand":[],"product_cat":[71],"product_tag":[],"class_list":{"0":"post-9493","1":"product","2":"type-product","3":"status-publish","4":"has-post-thumbnail","6":"product_cat-libros","8":"first","9":"outofstock","10":"shipping-taxable","11":"purchasable","12":"product-type-simple"},"_links":{"self":[{"href":"https:\/\/www.academiahistoriamilitar.cl\/academia\/wp-json\/wp\/v2\/product\/9493","targetHints":{"allow":["GET"]}}],"collection":[{"href":"https:\/\/www.academiahistoriamilitar.cl\/academia\/wp-json\/wp\/v2\/product"}],"about":[{"href":"https:\/\/www.academiahistoriamilitar.cl\/academia\/wp-json\/wp\/v2\/types\/product"}],"wp:featuredmedia":[{"embeddable":true,"href":"https:\/\/www.academiahistoriamilitar.cl\/academia\/wp-json\/wp\/v2\/media\/9494"}],"wp:attachment":[{"href":"https:\/\/www.academiahistoriamilitar.cl\/academia\/wp-json\/wp\/v2\/media?parent=9493"}],"wp:term":[{"taxonomy":"product_brand","embeddable":true,"href":"https:\/\/www.academiahistoriamilitar.cl\/academia\/wp-json\/wp\/v2\/product_brand?post=9493"},{"taxonomy":"product_cat","embeddable":true,"href":"https:\/\/www.academiahistoriamilitar.cl\/academia\/wp-json\/wp\/v2\/product_cat?post=9493"},{"taxonomy":"product_tag","embeddable":true,"href":"https:\/\/www.academiahistoriamilitar.cl\/academia\/wp-json\/wp\/v2\/product_tag?post=9493"}],"curies":[{"name":"wp","href":"https:\/\/api.w.org\/{rel}","templated":true}]}}