{"id":9479,"date":"2024-08-20T21:12:03","date_gmt":"2024-08-20T21:12:03","guid":{"rendered":"https:\/\/www.academiahistoriamilitar.cl\/academia\/?post_type=product&#038;p=9479"},"modified":"2026-03-11T13:31:27","modified_gmt":"2026-03-11T13:31:27","slug":"chile-bolivia-breve-historia-de-sus-controversias","status":"publish","type":"product","link":"https:\/\/www.academiahistoriamilitar.cl\/academia\/producto\/chile-bolivia-breve-historia-de-sus-controversias\/","title":{"rendered":"Chile-Bolivia: Breve Historia de sus Controversias"},"content":{"rendered":"<p><strong>Autor:<\/strong> Academia de Historia Militar.<br \/>\n<strong>Formato:<\/strong> Cuadernillo, Tapa blanda<br \/>\n<strong>70 p\u00e1ginas<\/strong><\/p>\n<p>En un texto breve, se ofrece al lector un did\u00e1ctico relato de las controversias diplom\u00e1ticas que han dificultado por m\u00e1s de cien a\u00f1os las relaciones entre Chile y Bolivia, poni\u00e9ndose especial acento en la demanda contra nuestro pa\u00eds que, el 24 de abril de 2013, el gobierno boliviano present\u00f3 ante la Corte Internacional de Justicia de La Haya. Mediante una h\u00e1bil campa\u00f1a de difusi\u00f3n, el gobierno de La Paz se ha mostrado como una v\u00edctima de la relaci\u00f3n que ha sostenido con nuestro pa\u00eds. Este libro, escrito sin pasi\u00f3n y sin descalificaciones, muestra la verdad de un proceso que ha sido a menudo tergiversado y que es indispensable conocer en su estricto rigor hist\u00f3rico.<\/p>\n","protected":false},"excerpt":{"rendered":"<p>Autor: Academia de Historia Militar. Formato: Cuadernillo, Tapa blanda 70 p\u00e1ginas En un<span class=\"excerpt-hellip\"> [\u2026]<\/span><\/p>\n","protected":false},"featured_media":9553,"template":"","meta":[],"product_brand":[],"product_cat":[71],"product_tag":[],"class_list":{"0":"post-9479","1":"product","2":"type-product","3":"status-publish","4":"has-post-thumbnail","6":"product_cat-libros","8":"first","9":"instock","10":"shipping-taxable","11":"purchasable","12":"product-type-simple"},"_links":{"self":[{"href":"https:\/\/www.academiahistoriamilitar.cl\/academia\/wp-json\/wp\/v2\/product\/9479","targetHints":{"allow":["GET"]}}],"collection":[{"href":"https:\/\/www.academiahistoriamilitar.cl\/academia\/wp-json\/wp\/v2\/product"}],"about":[{"href":"https:\/\/www.academiahistoriamilitar.cl\/academia\/wp-json\/wp\/v2\/types\/product"}],"wp:featuredmedia":[{"embeddable":true,"href":"https:\/\/www.academiahistoriamilitar.cl\/academia\/wp-json\/wp\/v2\/media\/9553"}],"wp:attachment":[{"href":"https:\/\/www.academiahistoriamilitar.cl\/academia\/wp-json\/wp\/v2\/media?parent=9479"}],"wp:term":[{"taxonomy":"product_brand","embeddable":true,"href":"https:\/\/www.academiahistoriamilitar.cl\/academia\/wp-json\/wp\/v2\/product_brand?post=9479"},{"taxonomy":"product_cat","embeddable":true,"href":"https:\/\/www.academiahistoriamilitar.cl\/academia\/wp-json\/wp\/v2\/product_cat?post=9479"},{"taxonomy":"product_tag","embeddable":true,"href":"https:\/\/www.academiahistoriamilitar.cl\/academia\/wp-json\/wp\/v2\/product_tag?post=9479"}],"curies":[{"name":"wp","href":"https:\/\/api.w.org\/{rel}","templated":true}]}}